{"id":416,"date":"2011-08-16T14:36:11","date_gmt":"2011-08-16T12:36:11","guid":{"rendered":"http:\/\/kettentechnik.de\/?page_id=416"},"modified":"2026-04-10T10:52:39","modified_gmt":"2026-04-10T08:52:39","slug":"mitarbeiterinnen-in-wertherbielefeld","status":"publish","type":"page","link":"https:\/\/www.kettentechnik.de\/de\/mitarbeiterinnen-in-wertherbielefeld\/","title":{"rendered":"Unsere Mitarbeiter\/innen in Werther\/Bielefeld"},"content":{"rendered":"<div>\n<table style=\"width: 100%;\" cellspacing=\"2\">\n<thead>\n<tr style=\"height: 18px;\">\n<td style=\"height: 18px; width: 25%;\" align=\"left\" valign=\"top\" width=\"25%\"><strong>Werther \/ Bielefeld<\/strong><\/td>\n<td style=\"height: 18px; width: 25%;\" align=\"left\" valign=\"top\" width=\"25%\"><strong>email <\/strong><\/td>\n<td style=\"height: 18px; width: 25%;\" align=\"left\" valign=\"top\" width=\"25%\"><strong>Abteilung<\/strong><\/td>\n<td style=\"height: 18px; width: 25%;\" align=\"left\" valign=\"top\" width=\"25%\"><strong>Telefon<\/strong><\/td>\n<\/tr>\n<\/thead>\n<tbody>\n<tr style=\"height: 42px;\">\n<td style=\"height: 42px; width: 25%;\" align=\"left\" valign=\"top\" width=\"25%\">Wilfried G\u00f6\u00dfling<\/td>\n<td style=\"height: 42px; width: 25%;\" align=\"left\" valign=\"top\" width=\"25%\">w.goessling@kettentechnik.de<\/td>\n<td style=\"height: 42px; width: 25%;\" align=\"left\" valign=\"top\" width=\"25%\">Gesch\u00e4ftsf\u00fchrer<\/td>\n<td style=\"height: 42px; width: 25%;\" align=\"left\" valign=\"top\" width=\"25%\">05203 &#8211; 9015020<\/td>\n<\/tr>\n<tr style=\"height: 18px;\">\n<td style=\"height: 18px; width: 25%;\" align=\"left\" valign=\"top\" width=\"25%\">Manuel B\u00fcltemeier<\/td>\n<td style=\"height: 18px; width: 25%;\" align=\"left\" valign=\"top\" width=\"25%\">m.bueltemeier@kettentechnik.de<\/td>\n<td style=\"height: 18px; width: 25%;\" align=\"left\" valign=\"top\" width=\"25%\">Prokurist \/ Betriebsleiter<\/td>\n<td style=\"height: 18px; width: 25%;\" align=\"left\" valign=\"top\" width=\"25%\">05203 &#8211; 9015027<\/td>\n<\/tr>\n<tr style=\"height: 42px;\">\n<td style=\"height: 42px; width: 25%;\" align=\"left\" valign=\"top\" width=\"25%\">Regina Straub<\/td>\n<td style=\"height: 42px; width: 25%;\" align=\"left\" valign=\"top\" width=\"25%\">r.straub@kettentechnik.de<\/td>\n<td style=\"text-align: center; height: 42px; width: 25%;\" align=\"left\" valign=\"top\" width=\"25%\">AuftragsbearbeitungAngebotserstellung<\/td>\n<td style=\"height: 42px; width: 25%;\" align=\"left\" valign=\"top\" width=\"25%\">05203 &#8211; 9015023<\/td>\n<\/tr>\n<tr style=\"height: 42px;\">\n<td style=\"height: 42px; width: 25%;\" align=\"left\" valign=\"top\" width=\"25%\">Marion D\u00f6rr<\/td>\n<td style=\"height: 42px; width: 25%;\" align=\"left\" valign=\"top\" width=\"25%\">m.doerr@kettentechnik.de<\/td>\n<td style=\"text-align: center; height: 42px; width: 25%;\" align=\"left\" valign=\"top\" width=\"25%\">Einkauf<\/td>\n<td style=\"height: 42px; width: 25%;\" align=\"left\" valign=\"top\" width=\"25%\">05203 \u2013 9015029<\/td>\n<\/tr>\n<tr style=\"height: 42px;\">\n<td style=\"height: 42px; width: 25%;\" align=\"left\" valign=\"top\" width=\"25%\">Silvia Redeker<\/td>\n<td style=\"height: 42px; width: 25%;\" align=\"left\" valign=\"top\" width=\"25%\">s.redeker@kettentechnik.de<\/td>\n<td style=\"height: 42px; width: 25%;\" align=\"left\" valign=\"top\" width=\"25%\">AuftragsbearbeitungAngebotserstellung<\/td>\n<td style=\"height: 42px; width: 25%;\" align=\"left\" valign=\"top\" width=\"25%\">05203 &#8211; 9015025<\/td>\n<\/tr>\n<tr style=\"height: 18px;\">\n<td style=\"height: 18px; width: 25%;\" align=\"left\" valign=\"top\" width=\"25%\">Christine Jung<\/td>\n<td style=\"height: 18px; width: 25%;\" align=\"left\" valign=\"top\" width=\"25%\">c.jung@kettentechnik.de<\/td>\n<td style=\"height: 18px; width: 25%;\" align=\"left\" valign=\"top\" width=\"25%\">AuftragsbearbeitungAngebotserstellung<\/td>\n<td style=\"height: 18px; width: 25%;\" align=\"left\" valign=\"top\" width=\"25%\">\u00a005203 &#8211; 9015022<\/td>\n<\/tr>\n<tr>\n<td style=\"width: 25%;\">Baldish Kaur<\/td>\n<td style=\"width: 25%;\">b.kaur@kettentechnik.de<\/td>\n<td style=\"width: 25%;\">AuftragsbearbeitungAngebotserstellung<\/td>\n<td style=\"width: 25%;\">05203 &#8211; 9015026<\/td>\n<\/tr>\n<tr style=\"height: 18px;\">\n<td style=\"height: 18px; width: 25%;\" align=\"left\" valign=\"top\" width=\"25%\"><strong>Warenlager<\/strong><\/td>\n<td style=\"height: 18px; width: 25%;\" align=\"left\" valign=\"top\" width=\"25%\"><\/td>\n<td style=\"height: 18px; width: 25%;\" align=\"left\" valign=\"top\" width=\"25%\"><\/td>\n<td style=\"height: 18px; width: 25%;\" align=\"left\" valign=\"top\" width=\"25%\"><\/td>\n<\/tr>\n<tr style=\"height: 63px;\">\n<td style=\"height: 63px; width: 25%;\" align=\"left\" valign=\"top\" width=\"25%\"><\/td>\n<td style=\"height: 63px; width: 25%;\" align=\"left\" valign=\"top\" width=\"25%\">lager-nrw@kettentechnik.de<\/td>\n<td style=\"height: 63px; width: 25%;\" align=\"left\" valign=\"top\" width=\"25%\">Lager<\/td>\n<td style=\"height: 63px; width: 25%;\" align=\"left\" valign=\"top\" width=\"25%\">05203 &#8211; 901500<\/td>\n<\/tr>\n<\/tbody>\n<\/table>\n<\/div>\n","protected":false},"excerpt":{"rendered":"<p>Werther \/ Bielefeld email Abteilung Telefon Wilfried G\u00f6\u00dfling w.goessling@kettentechnik.de Gesch\u00e4ftsf\u00fchrer 05203 &#8211; 9015020 Manuel B\u00fcltemeier m.bueltemeier@kettentechnik.de Prokurist \/ Betriebsleiter 05203 &#8211; 9015027 Regina Straub r.straub@kettentechnik.de AuftragsbearbeitungAngebotserstellung 05203 &#8211; 9015023 Marion D\u00f6rr m.doerr@kettentechnik.de Einkauf 05203 \u2013 9015029 Silvia Redeker s.redeker@kettentechnik.de AuftragsbearbeitungAngebotserstellung &hellip; <a href=\"https:\/\/www.kettentechnik.de\/de\/mitarbeiterinnen-in-wertherbielefeld\/\">Weiterlesen <span class=\"meta-nav\">&rarr;<\/span><\/a><\/p>\n","protected":false},"author":1,"featured_media":0,"parent":0,"menu_order":0,"comment_status":"closed","ping_status":"open","template":"","meta":{"_monsterinsights_skip_tracking":false,"_monsterinsights_sitenote_active":false,"_monsterinsights_sitenote_note":"","_monsterinsights_sitenote_category":0,"footnotes":""},"class_list":["post-416","page","type-page","status-publish","hentry"],"yoast_head":"<!-- This site is optimized with the Yoast SEO plugin v24.9 - https:\/\/yoast.com\/wordpress\/plugins\/seo\/ -->\n<title>Unsere Mitarbeiter\/innen in Werther\/Bielefeld - Deutsch<\/title>\n<meta name=\"robots\" content=\"index, follow, max-snippet:-1, max-image-preview:large, max-video-preview:-1\" \/>\n<link rel=\"canonical\" href=\"https:\/\/www.kettentechnik.de\/de\/mitarbeiterinnen-in-wertherbielefeld\/\" \/>\n<meta property=\"og:locale\" content=\"de_DE\" \/>\n<meta property=\"og:type\" content=\"article\" \/>\n<meta property=\"og:title\" content=\"Unsere Mitarbeiter\/innen in Werther\/Bielefeld - Deutsch\" \/>\n<meta property=\"og:description\" content=\"Werther \/ Bielefeld email Abteilung Telefon Wilfried G\u00f6\u00dfling w.goessling@kettentechnik.de Gesch\u00e4ftsf\u00fchrer 05203 &#8211; 9015020 Manuel B\u00fcltemeier m.bueltemeier@kettentechnik.de Prokurist \/ Betriebsleiter 05203 &#8211; 9015027 Regina Straub r.straub@kettentechnik.de AuftragsbearbeitungAngebotserstellung 05203 &#8211; 9015023 Marion D\u00f6rr m.doerr@kettentechnik.de Einkauf 05203 \u2013 9015029 Silvia Redeker s.redeker@kettentechnik.de AuftragsbearbeitungAngebotserstellung &hellip; Weiterlesen &rarr;\" \/>\n<meta property=\"og:url\" content=\"https:\/\/www.kettentechnik.de\/de\/mitarbeiterinnen-in-wertherbielefeld\/\" \/>\n<meta property=\"og:site_name\" content=\"Deutsch\" \/>\n<meta property=\"article:publisher\" content=\"https:\/\/www.facebook.com\/pages\/KTS-Kettentechnik-GmbH\/411832932300884?fref=ts\" \/>\n<meta property=\"article:modified_time\" content=\"2026-04-10T08:52:39+00:00\" \/>\n<meta property=\"og:image\" content=\"https:\/\/www.kettentechnik.de\/de\/wp-content\/uploads\/sites\/2\/2015\/08\/KTS_logo_freigestellt.gif\" \/>\n\t<meta property=\"og:image:width\" content=\"785\" \/>\n\t<meta property=\"og:image:height\" content=\"368\" \/>\n\t<meta property=\"og:image:type\" content=\"image\/gif\" \/>\n<meta name=\"twitter:card\" content=\"summary_large_image\" \/>\n<meta name=\"twitter:site\" content=\"@Kettentechnik\" \/>\n<meta name=\"twitter:label1\" content=\"Gesch\u00e4tzte Lesezeit\" \/>\n\t<meta name=\"twitter:data1\" content=\"1\u00a0Minute\" \/>\n<script type=\"application\/ld+json\" class=\"yoast-schema-graph\">{\"@context\":\"https:\/\/schema.org\",\"@graph\":[{\"@type\":\"WebPage\",\"@id\":\"https:\/\/www.kettentechnik.de\/de\/mitarbeiterinnen-in-wertherbielefeld\/\",\"url\":\"https:\/\/www.kettentechnik.de\/de\/mitarbeiterinnen-in-wertherbielefeld\/\",\"name\":\"Unsere Mitarbeiter\/innen in Werther\/Bielefeld - Deutsch\",\"isPartOf\":{\"@id\":\"https:\/\/www.kettentechnik.de\/de\/#website\"},\"datePublished\":\"2011-08-16T12:36:11+00:00\",\"dateModified\":\"2026-04-10T08:52:39+00:00\",\"breadcrumb\":{\"@id\":\"https:\/\/www.kettentechnik.de\/de\/mitarbeiterinnen-in-wertherbielefeld\/#breadcrumb\"},\"inLanguage\":\"de\",\"potentialAction\":[{\"@type\":\"ReadAction\",\"target\":[\"https:\/\/www.kettentechnik.de\/de\/mitarbeiterinnen-in-wertherbielefeld\/\"]}]},{\"@type\":\"BreadcrumbList\",\"@id\":\"https:\/\/www.kettentechnik.de\/de\/mitarbeiterinnen-in-wertherbielefeld\/#breadcrumb\",\"itemListElement\":[{\"@type\":\"ListItem\",\"position\":1,\"name\":\"Home\",\"item\":\"https:\/\/www.kettentechnik.de\/de\/\"},{\"@type\":\"ListItem\",\"position\":2,\"name\":\"Unsere Mitarbeiter\/innen in Werther\/Bielefeld\"}]},{\"@type\":\"WebSite\",\"@id\":\"https:\/\/www.kettentechnik.de\/de\/#website\",\"url\":\"https:\/\/www.kettentechnik.de\/de\/\",\"name\":\"Deutsch\",\"description\":\"Rollenketten und Kettenr\u00e4der aus Vorrat\",\"publisher\":{\"@id\":\"https:\/\/www.kettentechnik.de\/de\/#organization\"},\"potentialAction\":[{\"@type\":\"SearchAction\",\"target\":{\"@type\":\"EntryPoint\",\"urlTemplate\":\"https:\/\/www.kettentechnik.de\/de\/?s={search_term_string}\"},\"query-input\":{\"@type\":\"PropertyValueSpecification\",\"valueRequired\":true,\"valueName\":\"search_term_string\"}}],\"inLanguage\":\"de\"},{\"@type\":\"Organization\",\"@id\":\"https:\/\/www.kettentechnik.de\/de\/#organization\",\"name\":\"KTS Kettentechnik GmbH\",\"url\":\"https:\/\/www.kettentechnik.de\/de\/\",\"logo\":{\"@type\":\"ImageObject\",\"inLanguage\":\"de\",\"@id\":\"https:\/\/www.kettentechnik.de\/de\/#\/schema\/logo\/image\/\",\"url\":\"http:\/\/www.kettentechnik.de\/de\/wp-content\/uploads\/sites\/2\/2015\/08\/KTS_logo_freigestellt.gif\",\"contentUrl\":\"http:\/\/www.kettentechnik.de\/de\/wp-content\/uploads\/sites\/2\/2015\/08\/KTS_logo_freigestellt.gif\",\"width\":785,\"height\":368,\"caption\":\"KTS Kettentechnik GmbH\"},\"image\":{\"@id\":\"https:\/\/www.kettentechnik.de\/de\/#\/schema\/logo\/image\/\"},\"sameAs\":[\"https:\/\/www.facebook.com\/pages\/KTS-Kettentechnik-GmbH\/411832932300884?fref=ts\",\"https:\/\/x.com\/Kettentechnik\",\"https:\/\/www.linkedin.com\/company\/6205865?trk=tyah&amp;amp;amp;trkInfo=clickedVertical:company,clickedEntityId:6205865,idx:2-1-2,tarId:1464766025858,tas:kts ket\"]}]}<\/script>\n<!-- \/ Yoast SEO plugin. -->","yoast_head_json":{"title":"Unsere Mitarbeiter\/innen in Werther\/Bielefeld - Deutsch","robots":{"index":"index","follow":"follow","max-snippet":"max-snippet:-1","max-image-preview":"max-image-preview:large","max-video-preview":"max-video-preview:-1"},"canonical":"https:\/\/www.kettentechnik.de\/de\/mitarbeiterinnen-in-wertherbielefeld\/","og_locale":"de_DE","og_type":"article","og_title":"Unsere Mitarbeiter\/innen in Werther\/Bielefeld - Deutsch","og_description":"Werther \/ Bielefeld email Abteilung Telefon Wilfried G\u00f6\u00dfling w.goessling@kettentechnik.de Gesch\u00e4ftsf\u00fchrer 05203 &#8211; 9015020 Manuel B\u00fcltemeier m.bueltemeier@kettentechnik.de Prokurist \/ Betriebsleiter 05203 &#8211; 9015027 Regina Straub r.straub@kettentechnik.de AuftragsbearbeitungAngebotserstellung 05203 &#8211; 9015023 Marion D\u00f6rr m.doerr@kettentechnik.de Einkauf 05203 \u2013 9015029 Silvia Redeker s.redeker@kettentechnik.de AuftragsbearbeitungAngebotserstellung &hellip; Weiterlesen &rarr;","og_url":"https:\/\/www.kettentechnik.de\/de\/mitarbeiterinnen-in-wertherbielefeld\/","og_site_name":"Deutsch","article_publisher":"https:\/\/www.facebook.com\/pages\/KTS-Kettentechnik-GmbH\/411832932300884?fref=ts","article_modified_time":"2026-04-10T08:52:39+00:00","og_image":[{"width":785,"height":368,"url":"https:\/\/www.kettentechnik.de\/de\/wp-content\/uploads\/sites\/2\/2015\/08\/KTS_logo_freigestellt.gif","type":"image\/gif"}],"twitter_card":"summary_large_image","twitter_site":"@Kettentechnik","twitter_misc":{"Gesch\u00e4tzte Lesezeit":"1\u00a0Minute"},"schema":{"@context":"https:\/\/schema.org","@graph":[{"@type":"WebPage","@id":"https:\/\/www.kettentechnik.de\/de\/mitarbeiterinnen-in-wertherbielefeld\/","url":"https:\/\/www.kettentechnik.de\/de\/mitarbeiterinnen-in-wertherbielefeld\/","name":"Unsere Mitarbeiter\/innen in Werther\/Bielefeld - Deutsch","isPartOf":{"@id":"https:\/\/www.kettentechnik.de\/de\/#website"},"datePublished":"2011-08-16T12:36:11+00:00","dateModified":"2026-04-10T08:52:39+00:00","breadcrumb":{"@id":"https:\/\/www.kettentechnik.de\/de\/mitarbeiterinnen-in-wertherbielefeld\/#breadcrumb"},"inLanguage":"de","potentialAction":[{"@type":"ReadAction","target":["https:\/\/www.kettentechnik.de\/de\/mitarbeiterinnen-in-wertherbielefeld\/"]}]},{"@type":"BreadcrumbList","@id":"https:\/\/www.kettentechnik.de\/de\/mitarbeiterinnen-in-wertherbielefeld\/#breadcrumb","itemListElement":[{"@type":"ListItem","position":1,"name":"Home","item":"https:\/\/www.kettentechnik.de\/de\/"},{"@type":"ListItem","position":2,"name":"Unsere Mitarbeiter\/innen in Werther\/Bielefeld"}]},{"@type":"WebSite","@id":"https:\/\/www.kettentechnik.de\/de\/#website","url":"https:\/\/www.kettentechnik.de\/de\/","name":"Deutsch","description":"Rollenketten und Kettenr\u00e4der aus Vorrat","publisher":{"@id":"https:\/\/www.kettentechnik.de\/de\/#organization"},"potentialAction":[{"@type":"SearchAction","target":{"@type":"EntryPoint","urlTemplate":"https:\/\/www.kettentechnik.de\/de\/?s={search_term_string}"},"query-input":{"@type":"PropertyValueSpecification","valueRequired":true,"valueName":"search_term_string"}}],"inLanguage":"de"},{"@type":"Organization","@id":"https:\/\/www.kettentechnik.de\/de\/#organization","name":"KTS Kettentechnik GmbH","url":"https:\/\/www.kettentechnik.de\/de\/","logo":{"@type":"ImageObject","inLanguage":"de","@id":"https:\/\/www.kettentechnik.de\/de\/#\/schema\/logo\/image\/","url":"http:\/\/www.kettentechnik.de\/de\/wp-content\/uploads\/sites\/2\/2015\/08\/KTS_logo_freigestellt.gif","contentUrl":"http:\/\/www.kettentechnik.de\/de\/wp-content\/uploads\/sites\/2\/2015\/08\/KTS_logo_freigestellt.gif","width":785,"height":368,"caption":"KTS Kettentechnik GmbH"},"image":{"@id":"https:\/\/www.kettentechnik.de\/de\/#\/schema\/logo\/image\/"},"sameAs":["https:\/\/www.facebook.com\/pages\/KTS-Kettentechnik-GmbH\/411832932300884?fref=ts","https:\/\/x.com\/Kettentechnik","https:\/\/www.linkedin.com\/company\/6205865?trk=tyah&amp;amp;amp;trkInfo=clickedVertical:company,clickedEntityId:6205865,idx:2-1-2,tarId:1464766025858,tas:kts ket"]}]}},"_links":{"self":[{"href":"https:\/\/www.kettentechnik.de\/de\/wp-json\/wp\/v2\/pages\/416","targetHints":{"allow":["GET"]}}],"collection":[{"href":"https:\/\/www.kettentechnik.de\/de\/wp-json\/wp\/v2\/pages"}],"about":[{"href":"https:\/\/www.kettentechnik.de\/de\/wp-json\/wp\/v2\/types\/page"}],"author":[{"embeddable":true,"href":"https:\/\/www.kettentechnik.de\/de\/wp-json\/wp\/v2\/users\/1"}],"replies":[{"embeddable":true,"href":"https:\/\/www.kettentechnik.de\/de\/wp-json\/wp\/v2\/comments?post=416"}],"version-history":[{"count":51,"href":"https:\/\/www.kettentechnik.de\/de\/wp-json\/wp\/v2\/pages\/416\/revisions"}],"predecessor-version":[{"id":11463,"href":"https:\/\/www.kettentechnik.de\/de\/wp-json\/wp\/v2\/pages\/416\/revisions\/11463"}],"wp:attachment":[{"href":"https:\/\/www.kettentechnik.de\/de\/wp-json\/wp\/v2\/media?parent=416"}],"curies":[{"name":"wp","href":"https:\/\/api.w.org\/{rel}","templated":true}]}}